{"id":2082,"date":"2022-09-08T14:34:04","date_gmt":"2022-09-08T12:34:04","guid":{"rendered":"https:\/\/www.artscape-norway.eu\/?page_id=2082"},"modified":"2022-09-08T14:34:05","modified_gmt":"2022-09-08T12:34:05","slug":"nordic-arctic-sustainable-architecture-beyond-the-arctic-circle","status":"publish","type":"page","link":"https:\/\/www.artscape-norway.eu\/?page_id=2082&lang=en","title":{"rendered":"NORDIC ARCTIC \/ SUSTAINABLE ARCHITECTURE BEYOND THE ARCTIC CIRCLE"},"content":{"rendered":"\n<p>The project is in line with the long-term strategy of Jaroslav Fragner Gallery &amp; Architectura in their search for the use of current architecture as an important factor to maintain the quality of open landscape or public space. It follows up on projects focusing on environmental architecture and art as a tool to improve the urban public space. In the past, some of these projects were prepared in cooperation with our partners from the donor countries, such as Artscape Norway, Artscape Island, Arctic Nordic Alpine \u2013 In the dialogue with the Landscape). An important aspect is the search for tools for the discussion on sustainable tourism as part of the circular economy.&nbsp;<\/p>\n\n\n\n<p>This bilateral activity also involves visual art as it presents the topics for general public at a photography exhibition, including videos.&nbsp;<\/p>\n\n\n\n<p>The bilateral cooperation aims at developing the discussion on the role of the sustainable architecture as part of the adaptation for climatic changes. It will enable the presentations of model examples of landscape sustainability, both in environmental terms and with regards to the increased tourism in popular areas. An important part of the project is the meeting of Norwegian and Czech experts discussing the possibilities to present strategic goals for the sustainable architecture in locations exposed to climatic extremes and tourism.&nbsp;<\/p>\n\n\n\n<p><strong>Schedule<\/strong><\/p>\n\n\n\n<p>\u25ba Bilateral journey \/ May 2022<\/p>\n\n\n\n<p>Meeting with the Norwegian experts and partners in Oslo<\/p>\n\n\n\n<p>ARFO \u2013 Ji\u0159\u00ed Havran<\/p>\n\n\n\n<p>Snohetta \u2013Kjetil Tr\u00e6dal Thorsen, Jette Hopp<\/p>\n\n\n\n<p>Rintala Eggertsson \u2013 Dagur Eggertsson<\/p>\n\n\n\n<p>Institutions to be visited \u2013 DogA, ROM, National museum (Architecture)<\/p>\n\n\n\n<p>&nbsp;Meeting with partners and discussion of the main project topics.&nbsp;<\/p>\n\n\n\n<p>Selection of architectural projects and realizations to be presented at the exhibition and discussed at lectures and debates during the exhibition organized as part of the Landscape Festival Prague 2022.<\/p>\n\n\n\n<p>\u25ba Bilateral journey \/ July 2022<\/p>\n\n\n\n<p>&nbsp;A bilateral photographic journey with Ji\u0159\u00ed Havran, featuring possible meetings with representatives of the photographed institutions in selected locations.<\/p>\n\n\n\n<p>Troms\u00f8\/UIT \u2013 The Arctic University of Norway<\/p>\n\n\n\n<p>Bod\u00f8\/ Rintala Eggertsson studio<\/p>\n\n\n\n<p>Svalbard\/ Longyearbyen<\/p>\n\n\n\n<p>Svalbard Science Centre,&nbsp;Svalbard Global Seed Vault<\/p>\n\n\n\n<p>Svalbard Museum, Kunstahall Svalbard, Gallery Svalbard<\/p>\n\n\n\n<p>Lofoten\/ Norwegian Tourist Routes<\/p>\n\n\n\n<p>Kawi Factory \u2013 art platform<\/p>\n\n\n\n<p><strong>Exhibition \/ September, October 2022<\/strong><\/p>\n\n\n\n<p><strong>Jaroslav Fragner Gallery<\/strong><\/p>\n\n\n\n<p>curators \u2013 Dan Merta, Ji\u0159\u00ed Havran<\/p>\n\n\n\n<p>contents:&nbsp;<\/p>\n\n\n\n<p>photos of realized buildings, presentation of the projects \u2013 proposals, videos<\/p>\n\n\n\n<p>the final content will be consulted with experts during the first bilateral journey&nbsp;<\/p>\n\n\n\n<ul class=\"wp-block-list\"><li>Public buildings&nbsp;<\/li><li>Buildings for tourists, including the facilities on Norwegian hiking routes<\/li><li>Infrastructure and urban design<\/li><li>&nbsp;<\/li><\/ul>\n\n\n\n<p>The NORDIC ARCTIC exhibition offers contemplative visual records of buildings and landscapes through the lens of Oslo-based photographer Ji\u0159\u00ed Havran, who has focused on this theme for more than 20 years. The distinctive poetics of his photographs offer a unique record of the transformation of romantic, but also very climatically harsh locations beyond the Arctic Circle in dialogue with the tourist traffic.&nbsp;<\/p>\n\n\n\n<p>One of the exhibition&#8217;s underlying themes is the growing debate over the role of sustainable architecture in&nbsp;<strong>adapting to climate change<\/strong>. The exhibition documents exemplary examples both in the context of environmental sustainability of landscapes and in relation to&nbsp;<strong>the increasing influx of tourists into exposed landscapes<\/strong>. It illustrates possible strategies of professional institutions in Norway, Sweden, Iceland or Denmark. A prime example is the unique system of Norwegian National Tourist Routes. Creativity and innovation with a humble approach have become a model for other countries (including Iceland) in creating tourism infrastructure while protecting outstanding landscapes.&nbsp;<\/p>\n\n\n\n<p>Larger buildings that play an important role as&nbsp;<strong>cultural and social centres<\/strong>&nbsp;in the Scandinavian Arctic and are&nbsp;<strong>epicentres of the social life of settlements beyond the Arctic Circle<\/strong>&nbsp;are also featured. The university city of&nbsp;<strong>Troms\u00f8<\/strong>&nbsp;is a prime example of a successful dialogue between contemporary architecture and historical heritage, including the revitalisation of former docks and industrial sites. The capital of the Svalbard archipelago,&nbsp;<strong>Longyearbyen<\/strong>, with its mining tradition, is also being transformed by Arctic exploration and the onslaught of tourist expeditions. Ji\u0159\u00ed Havran has also captured the unique atmosphere of the Russian former mining town of&nbsp;<strong>Pyramiden<\/strong>.<\/p>\n\n\n\n<p>The second part of the exhibition also presents&nbsp;<strong>innovative realisations and projects<\/strong>&nbsp;that show a wide range of architectural concepts by leading Scandinavian studios.<\/p>\n\n\n\n<p><strong>Exhibiting architects:<\/strong>&nbsp;70\u00b0N arkitektur \u2022 ANDERSEN &amp; SIGURDSSON ARCHITECTS \u2022 Arkitema \u2022 Asplan Viak \u2022 Basalt Architects \u2022 BIG \u2022 Biotope \u2022 Code arkitektur \u2022 Dorte Mandrup \u2022 Einar Jarmund &amp; Co \u2022 Henning Larsen \u2022 Jensen &amp; Skodvin Architects \u2022 Joar Nango \u2022 LPO Arkitekter \u2022 Manthey Kula Architects \u2022 MORFEUS arkitekter \u2022 Uffe Black Nielsen \u2022 Peter Zumthor &amp; Partner \u2022 PUSHAK \u2022 Reiulf Ramstad Arkitekter \u2022 Rintala Eggertsson Architects \u2022 Schmidt Hammer Lassen Architects \u2022 Skapa \u2022 Sn\u00f8hetta \u2022 Steven Holl Architects \u2022 Tham &amp; Videg\u00e5rd Arkitekter \u2022 The Oslo School of Architecture and Design (AHO) \u2022 Vigsn\u00e6s+Kosberg++Arkitekter \u2022 White Arkitekter<\/p>\n\n\n\n<p><strong>Selected examples \/ realizations&nbsp;<\/strong><\/p>\n\n\n\n<p><strong>Iceland\/&nbsp;<\/strong><\/p>\n\n\n\n<p>Akureyri Culture House<\/p>\n\n\n\n<p>Myvathn&nbsp;Thermal Bath<\/p>\n\n\n\n<p>Visitor Centre Borgarfjordur&nbsp;Eystri&nbsp;<\/p>\n\n\n\n<p>Husavik Sea Bath<\/p>\n\n\n\n<p>Vok<\/p>\n\n\n\n<p><strong>Norway\/<\/strong><\/p>\n\n\n\n<p>Norwegian Tourist Routes \u2013 Lofoen Andoya, Senja<\/p>\n\n\n\n<p>Troms\u00f8&nbsp;Library<\/p>\n\n\n\n<p>Fleinvaer Refugium<\/p>\n\n\n\n<p>Bod\u00f8&nbsp;Town Hall<\/p>\n\n\n\n<p><strong>Sweden\/<\/strong><\/p>\n\n\n\n<p>Kiruna Recolation<\/p>\n\n\n\n<p>Kunskapshuset Gallivare<\/p>\n\n\n\n<p>Tree Hotel<\/p>\n\n\n\n<p>Data Center FC<\/p>\n\n\n\n<p>Sara Kulturhus<\/p>\n\n\n\n<p><strong>Greenland\/<\/strong><\/p>\n\n\n\n<p>Ilulissat Icefjord Centre<\/p>\n\n\n\n<p><strong>Doprovodn\u00fd program \/ Accompanying program<\/strong><\/p>\n\n\n\n<p><strong>8. 9. \/ GJF \/ 18:00<\/strong><\/p>\n\n\n\n<p><strong>debate<\/strong><\/p>\n\n\n\n<p>Ji\u0159\u00ed Havran, Martin Fojtek (Galerie Fotografic), Dan Merta<\/p>\n\n\n\n<p><strong>29. 9. \u2013 1.10. \/ FUA TUL<\/strong><\/p>\n\n\n\n<p><strong>lecture and student workshop<\/strong><\/p>\n\n\n\n<p>Dagur Eggertsson (Rintala Eggertsson Architects), Jan Tyrpekl<\/p>\n\n\n\n<p><strong>debates and lectures \/ GJF \/ www.gjf.cz<\/strong><\/p>\n\n\n\n<p>Jan Mach (mj\u00f6lk)&nbsp;<\/p>\n\n\n\n<p>Dalibor Hlav\u00e1\u010dek (Faculty of Architecture of Czech Technical University in Prague)&nbsp;<\/p>\n\n\n\n<p>Marie \u0160aback\u00e1 (polar environmentalist)<\/p>\n\n\n\n<p>Epos 257 (artist)<\/p>\n\n\n\n<p>Zden\u011bk Ly\u010dka (Arctic Festival)<\/p>\n\n\n\n<p>Karel Wolf (Round the World Festival)<\/p>\n\n\n\n<p>supported by\/<\/p>\n\n\n\n<figure class=\"wp-block-image size-large is-resized\"><a href=\"http:\/\/www.artscape-norway.eu\/wp-content\/uploads\/2022\/09\/EEA-and-Norway_grants@4x-1-e1662640007305.png\"><img loading=\"lazy\" decoding=\"async\" src=\"http:\/\/www.artscape-norway.eu\/wp-content\/uploads\/2022\/09\/EEA-and-Norway_grants@4x-1-1024x421.png\" alt=\"\" class=\"wp-image-2061\" width=\"425\" height=\"175\"\/><\/a><\/figure>\n\n\n\n<figure class=\"wp-block-gallery columns-3 is-cropped wp-block-gallery-1 is-layout-flex wp-block-gallery-is-layout-flex\"><ul class=\"blocks-gallery-grid\"><li class=\"blocks-gallery-item\"><figure><a href=\"https:\/\/www.artscape-norway.eu\/wp-content\/uploads\/2022\/09\/1_infopoint-u-sopky-a-jezera-Mzvatn-IS-foto-Jiz\u00b0-Havran-1.jpg\"><img loading=\"lazy\" decoding=\"async\" width=\"1024\" height=\"683\" src=\"https:\/\/www.artscape-norway.eu\/wp-content\/uploads\/2022\/09\/1_infopoint-u-sopky-a-jezera-Mzvatn-IS-foto-Jiz\u00b0-Havran-1-1024x683.jpg\" alt=\"\" data-id=\"2088\" data-full-url=\"https:\/\/www.artscape-norway.eu\/wp-content\/uploads\/2022\/09\/1_infopoint-u-sopky-a-jezera-Mzvatn-IS-foto-Jiz\u00b0-Havran-1.jpg\" data-link=\"https:\/\/www.artscape-norway.eu\/?attachment_id=2088\" class=\"wp-image-2088\" srcset=\"https:\/\/www.artscape-norway.eu\/wp-content\/uploads\/2022\/09\/1_infopoint-u-sopky-a-jezera-Mzvatn-IS-foto-Jiz\u00b0-Havran-1-1024x683.jpg 1024w, https:\/\/www.artscape-norway.eu\/wp-content\/uploads\/2022\/09\/1_infopoint-u-sopky-a-jezera-Mzvatn-IS-foto-Jiz\u00b0-Havran-1-300x200.jpg 300w, https:\/\/www.artscape-norway.eu\/wp-content\/uploads\/2022\/09\/1_infopoint-u-sopky-a-jezera-Mzvatn-IS-foto-Jiz\u00b0-Havran-1-768x512.jpg 768w, https:\/\/www.artscape-norway.eu\/wp-content\/uploads\/2022\/09\/1_infopoint-u-sopky-a-jezera-Mzvatn-IS-foto-Jiz\u00b0-Havran-1-600x400.jpg 600w, https:\/\/www.artscape-norway.eu\/wp-content\/uploads\/2022\/09\/1_infopoint-u-sopky-a-jezera-Mzvatn-IS-foto-Jiz\u00b0-Havran-1.jpg 1500w\" sizes=\"auto, (max-width: 1024px) 100vw, 1024px\" \/><\/a><figcaption class=\"blocks-gallery-item__caption\"><br>Infopoint near volcano and lake M\u017evatn, IS, foto Ji\u0159\u00ed Havran<br><br><\/figcaption><\/figure><\/li><li class=\"blocks-gallery-item\"><figure><a href=\"https:\/\/www.artscape-norway.eu\/wp-content\/uploads\/2022\/09\/4_P.-ZumthorSteilneset-memorial-NO-foto-Jiz\u00b0-Havran-1-1.jpg\"><img loading=\"lazy\" decoding=\"async\" width=\"1024\" height=\"768\" src=\"https:\/\/www.artscape-norway.eu\/wp-content\/uploads\/2022\/09\/4_P.-ZumthorSteilneset-memorial-NO-foto-Jiz\u00b0-Havran-1-1-1024x768.jpg\" alt=\"\" data-id=\"2086\" data-full-url=\"https:\/\/www.artscape-norway.eu\/wp-content\/uploads\/2022\/09\/4_P.-ZumthorSteilneset-memorial-NO-foto-Jiz\u00b0-Havran-1-1.jpg\" data-link=\"https:\/\/www.artscape-norway.eu\/?attachment_id=2086\" class=\"wp-image-2086\" srcset=\"https:\/\/www.artscape-norway.eu\/wp-content\/uploads\/2022\/09\/4_P.-ZumthorSteilneset-memorial-NO-foto-Jiz\u00b0-Havran-1-1-1024x768.jpg 1024w, https:\/\/www.artscape-norway.eu\/wp-content\/uploads\/2022\/09\/4_P.-ZumthorSteilneset-memorial-NO-foto-Jiz\u00b0-Havran-1-1-300x225.jpg 300w, https:\/\/www.artscape-norway.eu\/wp-content\/uploads\/2022\/09\/4_P.-ZumthorSteilneset-memorial-NO-foto-Jiz\u00b0-Havran-1-1-768x576.jpg 768w, https:\/\/www.artscape-norway.eu\/wp-content\/uploads\/2022\/09\/4_P.-ZumthorSteilneset-memorial-NO-foto-Jiz\u00b0-Havran-1-1-600x450.jpg 600w, https:\/\/www.artscape-norway.eu\/wp-content\/uploads\/2022\/09\/4_P.-ZumthorSteilneset-memorial-NO-foto-Jiz\u00b0-Havran-1-1-1536x1152.jpg 1536w, https:\/\/www.artscape-norway.eu\/wp-content\/uploads\/2022\/09\/4_P.-ZumthorSteilneset-memorial-NO-foto-Jiz\u00b0-Havran-1-1.jpg 2000w\" sizes=\"auto, (max-width: 1024px) 100vw, 1024px\" \/><\/a><figcaption class=\"blocks-gallery-item__caption\">P. Zumthor,Steilneset memorial, NO, foto Ji\u0159\u00ed Havran<\/figcaption><\/figure><\/li><li class=\"blocks-gallery-item\"><figure><a href=\"https:\/\/www.artscape-norway.eu\/wp-content\/uploads\/2022\/09\/5_Dorte-Mandrup_Ilulissat-Icefjord-Centre_01_credit_Adam-Mrk_-1-scaled.jpg\"><img loading=\"lazy\" decoding=\"async\" width=\"768\" height=\"1024\" src=\"https:\/\/www.artscape-norway.eu\/wp-content\/uploads\/2022\/09\/5_Dorte-Mandrup_Ilulissat-Icefjord-Centre_01_credit_Adam-Mrk_-1-768x1024.jpg\" alt=\"\" data-id=\"2084\" data-full-url=\"https:\/\/www.artscape-norway.eu\/wp-content\/uploads\/2022\/09\/5_Dorte-Mandrup_Ilulissat-Icefjord-Centre_01_credit_Adam-Mrk_-1-scaled.jpg\" data-link=\"https:\/\/www.artscape-norway.eu\/?attachment_id=2084\" class=\"wp-image-2084\" srcset=\"https:\/\/www.artscape-norway.eu\/wp-content\/uploads\/2022\/09\/5_Dorte-Mandrup_Ilulissat-Icefjord-Centre_01_credit_Adam-Mrk_-1-768x1024.jpg 768w, https:\/\/www.artscape-norway.eu\/wp-content\/uploads\/2022\/09\/5_Dorte-Mandrup_Ilulissat-Icefjord-Centre_01_credit_Adam-Mrk_-1-225x300.jpg 225w, https:\/\/www.artscape-norway.eu\/wp-content\/uploads\/2022\/09\/5_Dorte-Mandrup_Ilulissat-Icefjord-Centre_01_credit_Adam-Mrk_-1-600x800.jpg 600w, https:\/\/www.artscape-norway.eu\/wp-content\/uploads\/2022\/09\/5_Dorte-Mandrup_Ilulissat-Icefjord-Centre_01_credit_Adam-Mrk_-1-1152x1536.jpg 1152w, https:\/\/www.artscape-norway.eu\/wp-content\/uploads\/2022\/09\/5_Dorte-Mandrup_Ilulissat-Icefjord-Centre_01_credit_Adam-Mrk_-1-1536x2048.jpg 1536w, https:\/\/www.artscape-norway.eu\/wp-content\/uploads\/2022\/09\/5_Dorte-Mandrup_Ilulissat-Icefjord-Centre_01_credit_Adam-Mrk_-1-scaled.jpg 1920w\" sizes=\"auto, (max-width: 768px) 100vw, 768px\" \/><\/a><figcaption class=\"blocks-gallery-item__caption\">Dorte Mandrup_Ilulissat Icefjord Centre_credit_Adam Mrk<\/figcaption><\/figure><\/li><li class=\"blocks-gallery-item\"><figure><a href=\"https:\/\/www.artscape-norway.eu\/wp-content\/uploads\/2022\/09\/7_odpocivadlo-Bukkekjerka-foto-Jiz\u00b0-Havran-1.jpg\"><img loading=\"lazy\" decoding=\"async\" width=\"984\" height=\"798\" src=\"https:\/\/www.artscape-norway.eu\/wp-content\/uploads\/2022\/09\/7_odpocivadlo-Bukkekjerka-foto-Jiz\u00b0-Havran-1.jpg\" alt=\"\" data-id=\"2089\" data-full-url=\"https:\/\/www.artscape-norway.eu\/wp-content\/uploads\/2022\/09\/7_odpocivadlo-Bukkekjerka-foto-Jiz\u00b0-Havran-1.jpg\" data-link=\"https:\/\/www.artscape-norway.eu\/?attachment_id=2089\" class=\"wp-image-2089\" srcset=\"https:\/\/www.artscape-norway.eu\/wp-content\/uploads\/2022\/09\/7_odpocivadlo-Bukkekjerka-foto-Jiz\u00b0-Havran-1.jpg 984w, https:\/\/www.artscape-norway.eu\/wp-content\/uploads\/2022\/09\/7_odpocivadlo-Bukkekjerka-foto-Jiz\u00b0-Havran-1-300x243.jpg 300w, https:\/\/www.artscape-norway.eu\/wp-content\/uploads\/2022\/09\/7_odpocivadlo-Bukkekjerka-foto-Jiz\u00b0-Havran-1-768x623.jpg 768w, https:\/\/www.artscape-norway.eu\/wp-content\/uploads\/2022\/09\/7_odpocivadlo-Bukkekjerka-foto-Jiz\u00b0-Havran-1-600x487.jpg 600w\" sizes=\"auto, (max-width: 984px) 100vw, 984px\" \/><\/a><figcaption class=\"blocks-gallery-item__caption\">Rest area, Bukkekjerka, foto Ji\u0159\u00ed Havran<\/figcaption><\/figure><\/li><li class=\"blocks-gallery-item\"><figure><a href=\"https:\/\/www.artscape-norway.eu\/wp-content\/uploads\/2022\/09\/8_Biotope-pozorovatelna-pt\u2020kO-ve-Vard-NO-foto-Jiz\u00b0-Havran-1.jpg\"><img loading=\"lazy\" decoding=\"async\" width=\"1024\" height=\"768\" src=\"https:\/\/www.artscape-norway.eu\/wp-content\/uploads\/2022\/09\/8_Biotope-pozorovatelna-pt\u2020kO-ve-Vard-NO-foto-Jiz\u00b0-Havran-1-1024x768.jpg\" alt=\"\" data-id=\"2085\" data-full-url=\"https:\/\/www.artscape-norway.eu\/wp-content\/uploads\/2022\/09\/8_Biotope-pozorovatelna-pt\u2020kO-ve-Vard-NO-foto-Jiz\u00b0-Havran-1.jpg\" data-link=\"https:\/\/www.artscape-norway.eu\/?attachment_id=2085\" class=\"wp-image-2085\" srcset=\"https:\/\/www.artscape-norway.eu\/wp-content\/uploads\/2022\/09\/8_Biotope-pozorovatelna-pt\u2020kO-ve-Vard-NO-foto-Jiz\u00b0-Havran-1-1024x768.jpg 1024w, https:\/\/www.artscape-norway.eu\/wp-content\/uploads\/2022\/09\/8_Biotope-pozorovatelna-pt\u2020kO-ve-Vard-NO-foto-Jiz\u00b0-Havran-1-300x225.jpg 300w, https:\/\/www.artscape-norway.eu\/wp-content\/uploads\/2022\/09\/8_Biotope-pozorovatelna-pt\u2020kO-ve-Vard-NO-foto-Jiz\u00b0-Havran-1-768x576.jpg 768w, https:\/\/www.artscape-norway.eu\/wp-content\/uploads\/2022\/09\/8_Biotope-pozorovatelna-pt\u2020kO-ve-Vard-NO-foto-Jiz\u00b0-Havran-1-600x450.jpg 600w, https:\/\/www.artscape-norway.eu\/wp-content\/uploads\/2022\/09\/8_Biotope-pozorovatelna-pt\u2020kO-ve-Vard-NO-foto-Jiz\u00b0-Havran-1-1536x1152.jpg 1536w, https:\/\/www.artscape-norway.eu\/wp-content\/uploads\/2022\/09\/8_Biotope-pozorovatelna-pt\u2020kO-ve-Vard-NO-foto-Jiz\u00b0-Havran-1.jpg 1700w\" sizes=\"auto, (max-width: 1024px) 100vw, 1024px\" \/><\/a><figcaption class=\"blocks-gallery-item__caption\"> Biotope, Bird observatory in Vads, NO, foto Ji\u0159\u00ed Havran<\/figcaption><\/figure><\/li><li class=\"blocks-gallery-item\"><figure><a href=\"https:\/\/www.artscape-norway.eu\/wp-content\/uploads\/2022\/09\/8_Biotope-pozorovatelna-pt\u2020kO-ve-Vads-NO-foto-Jiz\u00b0-Havran-1.jpg\"><img loading=\"lazy\" decoding=\"async\" width=\"1024\" height=\"768\" src=\"https:\/\/www.artscape-norway.eu\/wp-content\/uploads\/2022\/09\/8_Biotope-pozorovatelna-pt\u2020kO-ve-Vads-NO-foto-Jiz\u00b0-Havran-1-1024x768.jpg\" alt=\"\" data-id=\"2087\" data-full-url=\"https:\/\/www.artscape-norway.eu\/wp-content\/uploads\/2022\/09\/8_Biotope-pozorovatelna-pt\u2020kO-ve-Vads-NO-foto-Jiz\u00b0-Havran-1.jpg\" data-link=\"https:\/\/www.artscape-norway.eu\/?attachment_id=2087\" class=\"wp-image-2087\" srcset=\"https:\/\/www.artscape-norway.eu\/wp-content\/uploads\/2022\/09\/8_Biotope-pozorovatelna-pt\u2020kO-ve-Vads-NO-foto-Jiz\u00b0-Havran-1-1024x768.jpg 1024w, https:\/\/www.artscape-norway.eu\/wp-content\/uploads\/2022\/09\/8_Biotope-pozorovatelna-pt\u2020kO-ve-Vads-NO-foto-Jiz\u00b0-Havran-1-300x225.jpg 300w, https:\/\/www.artscape-norway.eu\/wp-content\/uploads\/2022\/09\/8_Biotope-pozorovatelna-pt\u2020kO-ve-Vads-NO-foto-Jiz\u00b0-Havran-1-768x576.jpg 768w, https:\/\/www.artscape-norway.eu\/wp-content\/uploads\/2022\/09\/8_Biotope-pozorovatelna-pt\u2020kO-ve-Vads-NO-foto-Jiz\u00b0-Havran-1-600x450.jpg 600w, https:\/\/www.artscape-norway.eu\/wp-content\/uploads\/2022\/09\/8_Biotope-pozorovatelna-pt\u2020kO-ve-Vads-NO-foto-Jiz\u00b0-Havran-1-1536x1152.jpg 1536w, https:\/\/www.artscape-norway.eu\/wp-content\/uploads\/2022\/09\/8_Biotope-pozorovatelna-pt\u2020kO-ve-Vads-NO-foto-Jiz\u00b0-Havran-1.jpg 1700w\" sizes=\"auto, (max-width: 1024px) 100vw, 1024px\" \/><\/a><figcaption class=\"blocks-gallery-item__caption\"> Biotope, Bird observatory in Vads, NO, foto Ji\u0159\u00ed Havran<\/figcaption><\/figure><\/li><li class=\"blocks-gallery-item\"><figure><a href=\"https:\/\/www.artscape-norway.eu\/wp-content\/uploads\/2022\/09\/Nordic-Arktic_-pozvanka_email-1.png\"><img loading=\"lazy\" decoding=\"async\" width=\"1024\" height=\"724\" src=\"https:\/\/www.artscape-norway.eu\/wp-content\/uploads\/2022\/09\/Nordic-Arktic_-pozvanka_email-1-1024x724.png\" alt=\"\" data-id=\"2083\" data-full-url=\"https:\/\/www.artscape-norway.eu\/wp-content\/uploads\/2022\/09\/Nordic-Arktic_-pozvanka_email-1.png\" data-link=\"https:\/\/www.artscape-norway.eu\/?attachment_id=2083\" class=\"wp-image-2083\" srcset=\"https:\/\/www.artscape-norway.eu\/wp-content\/uploads\/2022\/09\/Nordic-Arktic_-pozvanka_email-1-1024x724.png 1024w, https:\/\/www.artscape-norway.eu\/wp-content\/uploads\/2022\/09\/Nordic-Arktic_-pozvanka_email-1-300x212.png 300w, https:\/\/www.artscape-norway.eu\/wp-content\/uploads\/2022\/09\/Nordic-Arktic_-pozvanka_email-1-768x543.png 768w, https:\/\/www.artscape-norway.eu\/wp-content\/uploads\/2022\/09\/Nordic-Arktic_-pozvanka_email-1-600x424.png 600w, https:\/\/www.artscape-norway.eu\/wp-content\/uploads\/2022\/09\/Nordic-Arktic_-pozvanka_email-1-1536x1086.png 1536w, https:\/\/www.artscape-norway.eu\/wp-content\/uploads\/2022\/09\/Nordic-Arktic_-pozvanka_email-1.png 1754w\" sizes=\"auto, (max-width: 1024px) 100vw, 1024px\" \/><\/a><\/figure><\/li><\/ul><\/figure>\n","protected":false},"excerpt":{"rendered":"<p>The project is in line with the long-term strategy of Jaroslav Fragner Gallery &amp; Architectura in their search for the use of current architecture as&#8230;<\/p>\n","protected":false},"author":2,"featured_media":2075,"parent":0,"menu_order":0,"comment_status":"closed","ping_status":"closed","template":"page-template-fullwidth.php","meta":{"om_disable_all_campaigns":false,"_monsterinsights_skip_tracking":false,"_monsterinsights_sitenote_active":false,"_monsterinsights_sitenote_note":"","_monsterinsights_sitenote_category":0,"ngg_post_thumbnail":0,"footnotes":""},"class_list":["post-2082","page","type-page","status-publish","has-post-thumbnail","hentry"],"aioseo_notices":[],"_links":{"self":[{"href":"https:\/\/www.artscape-norway.eu\/index.php?rest_route=\/wp\/v2\/pages\/2082","targetHints":{"allow":["GET"]}}],"collection":[{"href":"https:\/\/www.artscape-norway.eu\/index.php?rest_route=\/wp\/v2\/pages"}],"about":[{"href":"https:\/\/www.artscape-norway.eu\/index.php?rest_route=\/wp\/v2\/types\/page"}],"author":[{"embeddable":true,"href":"https:\/\/www.artscape-norway.eu\/index.php?rest_route=\/wp\/v2\/users\/2"}],"replies":[{"embeddable":true,"href":"https:\/\/www.artscape-norway.eu\/index.php?rest_route=%2Fwp%2Fv2%2Fcomments&post=2082"}],"version-history":[{"count":1,"href":"https:\/\/www.artscape-norway.eu\/index.php?rest_route=\/wp\/v2\/pages\/2082\/revisions"}],"predecessor-version":[{"id":2090,"href":"https:\/\/www.artscape-norway.eu\/index.php?rest_route=\/wp\/v2\/pages\/2082\/revisions\/2090"}],"wp:featuredmedia":[{"embeddable":true,"href":"https:\/\/www.artscape-norway.eu\/index.php?rest_route=\/wp\/v2\/media\/2075"}],"wp:attachment":[{"href":"https:\/\/www.artscape-norway.eu\/index.php?rest_route=%2Fwp%2Fv2%2Fmedia&parent=2082"}],"curies":[{"name":"wp","href":"https:\/\/api.w.org\/{rel}","templated":true}]}}